{"id":118,"date":"2020-07-04T18:43:45","date_gmt":"2020-07-04T16:43:45","guid":{"rendered":"https:\/\/luciogolino.wordpress.com\/?page_id=118"},"modified":"2023-03-09T16:44:07","modified_gmt":"2023-03-09T14:44:07","slug":"konzerte","status":"publish","type":"page","link":"https:\/\/lucio.golino.eu\/it\/konzerte\/","title":{"rendered":"Concerti"},"content":{"rendered":"<h1 class=\"wp-block-heading\">Concerti futuri<\/h1>\n\n\n\n<p class=\"wp-block-paragraph\">Per il momento nessuno <\/p>\n\n\n\n<h1 class=\"wp-block-heading\">Concerti del passato<\/h1>\n\n\n\n<h2 class=\"wp-block-heading\">2019<\/h2>\n\n\n\n<ul class=\"wp-block-list\">\n<li>Weihnachtskonzert (Volksoper-Wien)<\/li>\n\n\n\n<li>VOCALIA ENSEMBLE, Sesto al Reghena (Schubert, Mendelssohn, Brahms)<\/li>\n<\/ul>\n\n\n\n<!-- Load Facebook SDK for JavaScript -->\n  <div id=\"fb-root\"><\/div>\n  <script async=\"\" defer=\"\" src=\"https:\/\/connect.facebook.net\/en_US\/sdk.js#xfbml=1&amp;version=v3.2\"><\/script>\n\n <div class=\"fb-video\" data-href=\"https:\/\/www.facebook.com\/VocaliaEnsamble\/videos\/2075131472785204\/\" data-width=\"800\" data-show-text=\"false\"><blockquote cite=\"https:\/\/developers.facebook.com\/VocaliaEnsamble\/videos\/2075131472785204\/\" class=\"fb-xfbml-parse-ignore\"><a href=\"https:\/\/developers.facebook.com\/VocaliaEnsamble\/videos\/2075131472785204\/\">SALMO 23 &#8222;GOTT IST MEIN HIRT&#8220; &#8211; F. SCHUBERT<\/a><p>Buongiorno a tutti! Ecco a voi un estratto del concerto del 27 aprile tenutosi a San Giorgio al Tagliamento diretti dal M\u00b0 Lucio Golino in occasione del Four Seasons Festival di San Michele al Tagliamento!<\/p>Posted by <a href=\"https:\/\/www.facebook.com\/VocaliaEnsamble\/\">Vocalia Ensemble<\/a> on Thursday, 9 May 2019<\/blockquote><\/div>\n\n\n\n<h2 class=\"wp-block-heading\">2018<\/h2>\n\n\n\n<ul class=\"wp-block-list\">\n<li>CATERINA ENSEMBLE, Padova (&#8222;Mottetti della famiglia Bach&#8220;)<\/li>\n<\/ul>\n\n\n\n<figure class=\"wp-block-embed is-type-video is-provider-youtube wp-block-embed-youtube wp-embed-aspect-16-9 wp-has-aspect-ratio\"><div class=\"wp-block-embed__wrapper\">\n<div class=\"jetpack-video-wrapper\"><iframe loading=\"lazy\" title=\"Masterclass \u201cBach, lo stile di famiglia\u201d\" width=\"648\" height=\"365\" src=\"https:\/\/www.youtube.com\/embed\/ZkCfR4XOdSU?feature=oembed\" frameborder=\"0\" allow=\"accelerometer; autoplay; clipboard-write; encrypted-media; gyroscope; picture-in-picture; web-share\" referrerpolicy=\"strict-origin-when-cross-origin\" allowfullscreen><\/iframe><\/div>\n<\/div><\/figure>\n\n\n\n<figure class=\"wp-block-image size-full\"><img loading=\"lazy\" decoding=\"async\" width=\"1024\" height=\"745\" src=\"https:\/\/lucio.golino.eu\/wp-content\/uploads\/2023\/03\/caterina-2018.jpg\" alt=\"\" class=\"wp-image-561\" srcset=\"https:\/\/lucio.golino.eu\/wp-content\/uploads\/2023\/03\/caterina-2018.jpg 1024w, https:\/\/lucio.golino.eu\/wp-content\/uploads\/2023\/03\/caterina-2018-300x218.jpg 300w, https:\/\/lucio.golino.eu\/wp-content\/uploads\/2023\/03\/caterina-2018-768x559.jpg 768w, https:\/\/lucio.golino.eu\/wp-content\/uploads\/2023\/03\/caterina-2018-16x12.jpg 16w, https:\/\/lucio.golino.eu\/wp-content\/uploads\/2023\/03\/caterina-2018-330x240.jpg 330w, https:\/\/lucio.golino.eu\/wp-content\/uploads\/2023\/03\/caterina-2018-648x471.jpg 648w, https:\/\/lucio.golino.eu\/wp-content\/uploads\/2023\/03\/caterina-2018-264x192.jpg 264w\" sizes=\"auto, (max-width: 1024px) 100vw, 1024px\" \/><\/figure>\n\n\n\n<ul class=\"wp-block-list\">\n<li>Jugendchor der Volksoper-Wien (&#8222;Romanticismo tedesco a cappella&#8220;) <\/li>\n<\/ul>\n\n\n\n<h2 class=\"wp-block-heading\">2017<\/h2>\n\n\n\n<ul class=\"wp-block-list\">\n<li>Weihnachtskonzert (Volksoper Wien)<\/li>\n<\/ul>\n\n\n\n<figure class=\"wp-block-image size-large\"><img decoding=\"async\" src=\"https:\/\/luciogolino.files.wordpress.com\/2017\/03\/12363019_1200353963312746_7670517783115114269_o.jpg?w=1024\" alt=\"\" class=\"wp-image-56\"\/><\/figure>\n\n\n\n<ul class=\"wp-block-list\">\n<li>Jugendchor der Volksoper-Wien:<strong> Italien-Tourn\u00e9e<\/strong> (Padova, Abano Terme, Marostica, Venezia, Bosco Chiesanuova)<\/li>\n<\/ul>\n\n\n\n<div class=\"wp-block-jetpack-slideshow aligncenter\" data-effect=\"slide\"><div class=\"wp-block-jetpack-slideshow_container swiper-container\"><ul class=\"wp-block-jetpack-slideshow_swiper-wrapper swiper-wrapper\"><li class=\"wp-block-jetpack-slideshow_slide swiper-slide\"><figure><img loading=\"lazy\" decoding=\"async\" width=\"1557\" height=\"1038\" alt=\"\" class=\"wp-block-jetpack-slideshow_image wp-image-503\" data-id=\"503\" src=\"https:\/\/lucio.golino.eu\/wp-content\/uploads\/2022\/09\/Italien-Tournee1-reupload.png\" srcset=\"https:\/\/lucio.golino.eu\/wp-content\/uploads\/2022\/09\/Italien-Tournee1-reupload.png 1557w, https:\/\/lucio.golino.eu\/wp-content\/uploads\/2022\/09\/Italien-Tournee1-reupload-300x200.png 300w, https:\/\/lucio.golino.eu\/wp-content\/uploads\/2022\/09\/Italien-Tournee1-reupload-1024x683.png 1024w, https:\/\/lucio.golino.eu\/wp-content\/uploads\/2022\/09\/Italien-Tournee1-reupload-768x512.png 768w, https:\/\/lucio.golino.eu\/wp-content\/uploads\/2022\/09\/Italien-Tournee1-reupload-1536x1024.png 1536w, https:\/\/lucio.golino.eu\/wp-content\/uploads\/2022\/09\/Italien-Tournee1-reupload-18x12.png 18w, https:\/\/lucio.golino.eu\/wp-content\/uploads\/2022\/09\/Italien-Tournee1-reupload-648x432.png 648w, https:\/\/lucio.golino.eu\/wp-content\/uploads\/2022\/09\/Italien-Tournee1-reupload-288x192.png 288w\" sizes=\"(max-width: 1557px) 100vw, 1557px\" \/><\/figure><\/li><li class=\"wp-block-jetpack-slideshow_slide swiper-slide\"><figure><img loading=\"lazy\" decoding=\"async\" width=\"1557\" height=\"1038\" alt=\"\" class=\"wp-block-jetpack-slideshow_image wp-image-500\" data-id=\"500\" src=\"https:\/\/lucio.golino.eu\/wp-content\/uploads\/2022\/09\/Italien-Tournee2-1.png\" srcset=\"https:\/\/lucio.golino.eu\/wp-content\/uploads\/2022\/09\/Italien-Tournee2-1.png 1557w, https:\/\/lucio.golino.eu\/wp-content\/uploads\/2022\/09\/Italien-Tournee2-1-300x200.png 300w, https:\/\/lucio.golino.eu\/wp-content\/uploads\/2022\/09\/Italien-Tournee2-1-1024x683.png 1024w, https:\/\/lucio.golino.eu\/wp-content\/uploads\/2022\/09\/Italien-Tournee2-1-768x512.png 768w, https:\/\/lucio.golino.eu\/wp-content\/uploads\/2022\/09\/Italien-Tournee2-1-1536x1024.png 1536w, https:\/\/lucio.golino.eu\/wp-content\/uploads\/2022\/09\/Italien-Tournee2-1-18x12.png 18w, https:\/\/lucio.golino.eu\/wp-content\/uploads\/2022\/09\/Italien-Tournee2-1-648x432.png 648w, https:\/\/lucio.golino.eu\/wp-content\/uploads\/2022\/09\/Italien-Tournee2-1-288x192.png 288w\" sizes=\"(max-width: 1557px) 100vw, 1557px\" \/><\/figure><\/li><\/ul><a class=\"wp-block-jetpack-slideshow_button-prev swiper-button-prev swiper-button-white\" role=\"button\"><\/a><a class=\"wp-block-jetpack-slideshow_button-next swiper-button-next swiper-button-white\" role=\"button\"><\/a><a aria-label=\"Pause Slideshow\" class=\"wp-block-jetpack-slideshow_button-pause\" role=\"button\"><\/a><div class=\"wp-block-jetpack-slideshow_pagination swiper-pagination swiper-pagination-white\"><\/div><\/div><\/div>\n\n\n\n<ul class=\"wp-block-list\">\n<li>Musik verbindet, Japanisch-\u00f6sterreichisches Kinderchorkonzert (Wien)<\/li>\n<\/ul>\n\n\n\n<h2 class=\"wp-block-heading\">2016<\/h2>\n\n\n\n<ul class=\"wp-block-list\">\n<li>Jugendchor der Volksoper-Wien (Internationale Chorliteratur zwischen 19. und 20. Jahrhundert) <\/li>\n<\/ul>\n\n\n\n<h2 class=\"wp-block-heading\">2015<\/h2>\n\n\n\n<ul class=\"wp-block-list\">\n<li>Jugendchor der Volksoper-Wien (&#8222;Deutsche Romantik in Literatur und Musik&#8220;) <\/li>\n<\/ul>\n\n\n\n<h2 class=\"wp-block-heading\">2014<\/h2>\n\n\n\n<ul class=\"wp-block-list\">\n<li>Damen des Jugendchores, Volksoper-Wien (Brahms, Vier Ges\u00e4nge op.17)<\/li>\n<\/ul>\n\n\n\n<h2 class=\"wp-block-heading\">2013<\/h2>\n\n\n\n<ul class=\"wp-block-list\">\n<li>Damen des Jugendchores, Volksoper-Wien (Britten, Ceremony of Carols)<\/li>\n<\/ul>\n\n\n\n<h2 class=\"wp-block-heading\">2012<\/h2>\n\n\n\n<ul class=\"wp-block-list\">\n<li>Insieme Corale ECCLESIA NOVA (Palestrina, Bach, Mozart, Mendelssohn, Whitacre, Zuccante u.a.)<\/li>\n<\/ul>\n\n\n\n<h2 class=\"wp-block-heading\">2005<\/h2>\n\n\n\n<ul class=\"wp-block-list\">\n<li>Chor und Orchester der Wiener Tonkunstvereinigung: Beethoven, Schubert, Mendelssohn<\/li>\n<\/ul>\n\n\n<div class=\"wp-block-image\">\n<figure class=\"aligncenter size-full is-resized\"><img loading=\"lazy\" decoding=\"async\" src=\"https:\/\/lucio.golino.eu\/wp-content\/uploads\/2022\/09\/wtk-2005-698x1024-reupload.jpeg\" alt=\"\" class=\"wp-image-505\" width=\"440\" height=\"646\" srcset=\"https:\/\/lucio.golino.eu\/wp-content\/uploads\/2022\/09\/wtk-2005-698x1024-reupload.jpeg 698w, https:\/\/lucio.golino.eu\/wp-content\/uploads\/2022\/09\/wtk-2005-698x1024-reupload-204x300.jpeg 204w, https:\/\/lucio.golino.eu\/wp-content\/uploads\/2022\/09\/wtk-2005-698x1024-reupload-8x12.jpeg 8w, https:\/\/lucio.golino.eu\/wp-content\/uploads\/2022\/09\/wtk-2005-698x1024-reupload-648x951.jpeg 648w, https:\/\/lucio.golino.eu\/wp-content\/uploads\/2022\/09\/wtk-2005-698x1024-reupload-131x192.jpeg 131w\" sizes=\"auto, (max-width: 440px) 100vw, 440px\" \/><\/figure>\n<\/div>\n\n\n<h2 class=\"wp-block-heading\">2003<\/h2>\n\n\n\n<ul class=\"wp-block-list\">\n<li>Januar-M\u00e4rz, Tourn\u00e9e mit den &#8222;Wiener S\u00e4ngerknaben&#8220; (USA)<\/li>\n<\/ul>\n\n\n<div class=\"wp-block-image\">\n<figure class=\"aligncenter size-large is-resized\"><img loading=\"lazy\" decoding=\"async\" src=\"http:\/\/lucio.golino.eu\/wp-content\/uploads\/2021\/04\/wsk-usa-2003-634x1024.jpg\" alt=\"\" class=\"wp-image-282\" width=\"401\" height=\"648\" srcset=\"https:\/\/lucio.golino.eu\/wp-content\/uploads\/2021\/04\/wsk-usa-2003-634x1024.jpg 634w, https:\/\/lucio.golino.eu\/wp-content\/uploads\/2021\/04\/wsk-usa-2003-186x300.jpg 186w, https:\/\/lucio.golino.eu\/wp-content\/uploads\/2021\/04\/wsk-usa-2003-768x1241.jpg 768w, https:\/\/lucio.golino.eu\/wp-content\/uploads\/2021\/04\/wsk-usa-2003-951x1536.jpg 951w, https:\/\/lucio.golino.eu\/wp-content\/uploads\/2021\/04\/wsk-usa-2003-7x12.jpg 7w, https:\/\/lucio.golino.eu\/wp-content\/uploads\/2021\/04\/wsk-usa-2003-648x1047.jpg 648w, https:\/\/lucio.golino.eu\/wp-content\/uploads\/2021\/04\/wsk-usa-2003-119x192.jpg 119w, https:\/\/lucio.golino.eu\/wp-content\/uploads\/2021\/04\/wsk-usa-2003.jpg 1052w\" sizes=\"auto, (max-width: 401px) 100vw, 401px\" \/><\/figure>\n<\/div>\n\n\n<h2 class=\"wp-block-heading\">2002<\/h2>\n\n\n\n<ul class=\"wp-block-list\">\n<li>April-Juli, Tourn\u00e9e mit den &#8222;Wiener S\u00e4ngerknaben&#8220; (Japan)<\/li>\n<\/ul>\n\n\n<div class=\"wp-block-image\">\n<figure class=\"aligncenter size-large is-resized\"><img loading=\"lazy\" decoding=\"async\" src=\"https:\/\/lucio.golino.eu\/wp-content\/uploads\/2022\/09\/wsk-japan-2002-programm-716x1024.jpg\" alt=\"\" class=\"wp-image-517\" width=\"537\" height=\"768\" srcset=\"https:\/\/lucio.golino.eu\/wp-content\/uploads\/2022\/09\/wsk-japan-2002-programm-716x1024.jpg 716w, https:\/\/lucio.golino.eu\/wp-content\/uploads\/2022\/09\/wsk-japan-2002-programm-210x300.jpg 210w, https:\/\/lucio.golino.eu\/wp-content\/uploads\/2022\/09\/wsk-japan-2002-programm-768x1098.jpg 768w, https:\/\/lucio.golino.eu\/wp-content\/uploads\/2022\/09\/wsk-japan-2002-programm-1075x1536.jpg 1075w, https:\/\/lucio.golino.eu\/wp-content\/uploads\/2022\/09\/wsk-japan-2002-programm-1433x2048.jpg 1433w, https:\/\/lucio.golino.eu\/wp-content\/uploads\/2022\/09\/wsk-japan-2002-programm-8x12.jpg 8w, https:\/\/lucio.golino.eu\/wp-content\/uploads\/2022\/09\/wsk-japan-2002-programm-648x926.jpg 648w, https:\/\/lucio.golino.eu\/wp-content\/uploads\/2022\/09\/wsk-japan-2002-programm-134x192.jpg 134w, https:\/\/lucio.golino.eu\/wp-content\/uploads\/2022\/09\/wsk-japan-2002-programm.jpg 1579w\" sizes=\"auto, (max-width: 537px) 100vw, 537px\" \/><\/figure>\n<\/div>\n\n\n<p class=\"wp-block-paragraph\"><\/p>\n\n\n\n<h2 class=\"wp-block-heading\">2000<\/h2>\n\n\n\n<ul class=\"wp-block-list\">\n<li>Juli: Tourn\u00e9e mit den &#8222;Wiener S\u00e4ngerknaben&#8220; (S\u00fcdafrika)<\/li>\n\n\n\n<li>Jubil\u00e4umskonzert in Anwesenheit des Papstes (Vatikanstadt)<\/li>\n\n\n\n<li>Oktober-Dezember: Tourn\u00e9e mit den &#8222;Wiener S\u00e4ngerknaben&#8220; (Irland, England, Deutschland)<\/li>\n<\/ul>\n\n\n<div class=\"wp-block-image\">\n<figure class=\"aligncenter size-large is-resized\"><img loading=\"lazy\" decoding=\"async\" src=\"http:\/\/lucio.golino.eu\/wp-content\/uploads\/2021\/04\/wsk-deutschland-2000-716x1024.jpg\" alt=\"\" class=\"wp-image-290\" width=\"442\" height=\"632\" srcset=\"https:\/\/lucio.golino.eu\/wp-content\/uploads\/2021\/04\/wsk-deutschland-2000-716x1024.jpg 716w, https:\/\/lucio.golino.eu\/wp-content\/uploads\/2021\/04\/wsk-deutschland-2000-210x300.jpg 210w, https:\/\/lucio.golino.eu\/wp-content\/uploads\/2021\/04\/wsk-deutschland-2000-768x1099.jpg 768w, https:\/\/lucio.golino.eu\/wp-content\/uploads\/2021\/04\/wsk-deutschland-2000-1073x1536.jpg 1073w, https:\/\/lucio.golino.eu\/wp-content\/uploads\/2021\/04\/wsk-deutschland-2000-1431x2048.jpg 1431w, https:\/\/lucio.golino.eu\/wp-content\/uploads\/2021\/04\/wsk-deutschland-2000-8x12.jpg 8w, https:\/\/lucio.golino.eu\/wp-content\/uploads\/2021\/04\/wsk-deutschland-2000-648x927.jpg 648w, https:\/\/lucio.golino.eu\/wp-content\/uploads\/2021\/04\/wsk-deutschland-2000-134x192.jpg 134w, https:\/\/lucio.golino.eu\/wp-content\/uploads\/2021\/04\/wsk-deutschland-2000.jpg 1634w\" sizes=\"auto, (max-width: 442px) 100vw, 442px\" \/><\/figure>\n<\/div>\n\n\n<h2 class=\"wp-block-heading\">1999<\/h2>\n\n\n\n<ul class=\"wp-block-list\">\n<li>Januar-M\u00e4rz: Tourn\u00e9e mit den &#8222;Wiener S\u00e4ngerknaben&#8220; (Italien, Frankreich, Spanien, Deutschland, Arabische Emirate)<\/li>\n<\/ul>\n\n\n<div class=\"wp-block-image\">\n<figure class=\"aligncenter size-full\"><img loading=\"lazy\" decoding=\"async\" width=\"743\" height=\"1024\" src=\"https:\/\/lucio.golino.eu\/wp-content\/uploads\/2023\/03\/wsk-milano-1999.jpg\" alt=\"\" class=\"wp-image-563\" srcset=\"https:\/\/lucio.golino.eu\/wp-content\/uploads\/2023\/03\/wsk-milano-1999.jpg 743w, https:\/\/lucio.golino.eu\/wp-content\/uploads\/2023\/03\/wsk-milano-1999-218x300.jpg 218w, https:\/\/lucio.golino.eu\/wp-content\/uploads\/2023\/03\/wsk-milano-1999-9x12.jpg 9w, https:\/\/lucio.golino.eu\/wp-content\/uploads\/2023\/03\/wsk-milano-1999-648x893.jpg 648w, https:\/\/lucio.golino.eu\/wp-content\/uploads\/2023\/03\/wsk-milano-1999-139x192.jpg 139w\" sizes=\"auto, (max-width: 743px) 100vw, 743px\" \/><\/figure>\n<\/div>\n\n\n<ul class=\"wp-block-list\">\n<li>&#8222;Wiener Motettenchor&#8220;, Werke von Josquin, Schubert, u.a.<\/li>\n\n\n\n<li>Oktober-Dezember: Tourn\u00e9e mit den &#8222;Wiener S\u00e4ngerknaben&#8220; (USA, Canada)<\/li>\n<\/ul>\n\n\n<div class=\"wp-block-image\">\n<figure class=\"aligncenter size-large is-resized\"><img loading=\"lazy\" decoding=\"async\" src=\"http:\/\/lucio.golino.eu\/wp-content\/uploads\/2021\/04\/wsk-usa-1999-607x1024.jpg\" alt=\"\" class=\"wp-image-292\" width=\"459\" height=\"774\" srcset=\"https:\/\/lucio.golino.eu\/wp-content\/uploads\/2021\/04\/wsk-usa-1999-607x1024.jpg 607w, https:\/\/lucio.golino.eu\/wp-content\/uploads\/2021\/04\/wsk-usa-1999-178x300.jpg 178w, https:\/\/lucio.golino.eu\/wp-content\/uploads\/2021\/04\/wsk-usa-1999-768x1297.jpg 768w, https:\/\/lucio.golino.eu\/wp-content\/uploads\/2021\/04\/wsk-usa-1999-910x1536.jpg 910w, https:\/\/lucio.golino.eu\/wp-content\/uploads\/2021\/04\/wsk-usa-1999-7x12.jpg 7w, https:\/\/lucio.golino.eu\/wp-content\/uploads\/2021\/04\/wsk-usa-1999-648x1094.jpg 648w, https:\/\/lucio.golino.eu\/wp-content\/uploads\/2021\/04\/wsk-usa-1999-114x192.jpg 114w, https:\/\/lucio.golino.eu\/wp-content\/uploads\/2021\/04\/wsk-usa-1999.jpg 1007w\" sizes=\"auto, (max-width: 459px) 100vw, 459px\" \/><\/figure>\n<\/div>\n\n\n<h2 class=\"wp-block-heading\">1998<\/h2>\n\n\n\n<ul class=\"wp-block-list\">\n<li>Januar-M\u00e4rz: Tourn\u00e9e mit den &#8222;Wiener S\u00e4ngerknaben&#8220; (USA, Canada)<\/li>\n\n\n\n<li>Teilnahme an dem Chorfestival &#8222;Rigas Doms &#8217;98&#8220;<\/li>\n<\/ul>\n\n\n<div class=\"wp-block-image\">\n<figure class=\"aligncenter size-large is-resized\"><img loading=\"lazy\" decoding=\"async\" src=\"http:\/\/lucio.golino.eu\/wp-content\/uploads\/2021\/04\/rigas-doms-98-1-745x1024.jpg\" alt=\"\" class=\"wp-image-288\" width=\"462\" height=\"635\" srcset=\"https:\/\/lucio.golino.eu\/wp-content\/uploads\/2021\/04\/rigas-doms-98-1-745x1024.jpg 745w, https:\/\/lucio.golino.eu\/wp-content\/uploads\/2021\/04\/rigas-doms-98-1-218x300.jpg 218w, https:\/\/lucio.golino.eu\/wp-content\/uploads\/2021\/04\/rigas-doms-98-1-768x1056.jpg 768w, https:\/\/lucio.golino.eu\/wp-content\/uploads\/2021\/04\/rigas-doms-98-1-1117x1536.jpg 1117w, https:\/\/lucio.golino.eu\/wp-content\/uploads\/2021\/04\/rigas-doms-98-1-1489x2048.jpg 1489w, https:\/\/lucio.golino.eu\/wp-content\/uploads\/2021\/04\/rigas-doms-98-1-9x12.jpg 9w, https:\/\/lucio.golino.eu\/wp-content\/uploads\/2021\/04\/rigas-doms-98-1-648x891.jpg 648w, https:\/\/lucio.golino.eu\/wp-content\/uploads\/2021\/04\/rigas-doms-98-1-140x192.jpg 140w, https:\/\/lucio.golino.eu\/wp-content\/uploads\/2021\/04\/rigas-doms-98-1.jpg 1700w\" sizes=\"auto, (max-width: 462px) 100vw, 462px\" \/><\/figure>\n<\/div>\n\n\n<h2 class=\"wp-block-heading\">1997<\/h2>\n\n\n\n<ul class=\"wp-block-list\">\n<li>&#8222;Pro-Arte-Orchester und -Chor-Wien&#8220;: Schubert, Messe in C-Dur<\/li>\n<\/ul>\n\n\n\n<h2 class=\"wp-block-heading\">1996<\/h2>\n\n\n\n<ul class=\"wp-block-list\">\n<li>Chor und Orchester der &#8222;Wiener Tonkunstvereinigung&#8220; (Mozart, Schubert)<\/li>\n<\/ul>\n\n\n<div class=\"wp-block-image\">\n<figure class=\"aligncenter size-large is-resized\"><img loading=\"lazy\" decoding=\"async\" src=\"http:\/\/lucio.golino.eu\/wp-content\/uploads\/2021\/04\/wtv-1997-1-730x1024.jpg\" alt=\"\" class=\"wp-image-286\" width=\"476\" height=\"668\" srcset=\"https:\/\/lucio.golino.eu\/wp-content\/uploads\/2021\/04\/wtv-1997-1-730x1024.jpg 730w, https:\/\/lucio.golino.eu\/wp-content\/uploads\/2021\/04\/wtv-1997-1-214x300.jpg 214w, https:\/\/lucio.golino.eu\/wp-content\/uploads\/2021\/04\/wtv-1997-1-768x1077.jpg 768w, https:\/\/lucio.golino.eu\/wp-content\/uploads\/2021\/04\/wtv-1997-1-1095x1536.jpg 1095w, https:\/\/lucio.golino.eu\/wp-content\/uploads\/2021\/04\/wtv-1997-1-9x12.jpg 9w, https:\/\/lucio.golino.eu\/wp-content\/uploads\/2021\/04\/wtv-1997-1-648x909.jpg 648w, https:\/\/lucio.golino.eu\/wp-content\/uploads\/2021\/04\/wtv-1997-1-137x192.jpg 137w, https:\/\/lucio.golino.eu\/wp-content\/uploads\/2021\/04\/wtv-1997-1.jpg 1170w\" sizes=\"auto, (max-width: 476px) 100vw, 476px\" \/><\/figure>\n<\/div>\n\n\n<ul class=\"wp-block-list\">\n<li>&#8222;Pro-Arte-Orchester und -Chor-Wien&#8220;: Monteverdi, Vespro della Beata Vergine<\/li>\n\n\n\n<li>September-Dezember: Tourn\u00e9e mit den &#8222;Wiener S\u00e4ngerknaben&#8220; (Kolumbien, Mexiko, USA, Canada)<\/li>\n<\/ul>\n\n\n<div class=\"wp-block-image\">\n<figure class=\"aligncenter size-full\"><img loading=\"lazy\" decoding=\"async\" width=\"1024\" height=\"785\" src=\"https:\/\/lucio.golino.eu\/wp-content\/uploads\/2023\/03\/carnegie-hall-1996-programm.jpg\" alt=\"\" class=\"wp-image-564\" srcset=\"https:\/\/lucio.golino.eu\/wp-content\/uploads\/2023\/03\/carnegie-hall-1996-programm.jpg 1024w, https:\/\/lucio.golino.eu\/wp-content\/uploads\/2023\/03\/carnegie-hall-1996-programm-300x230.jpg 300w, https:\/\/lucio.golino.eu\/wp-content\/uploads\/2023\/03\/carnegie-hall-1996-programm-768x589.jpg 768w, https:\/\/lucio.golino.eu\/wp-content\/uploads\/2023\/03\/carnegie-hall-1996-programm-16x12.jpg 16w, https:\/\/lucio.golino.eu\/wp-content\/uploads\/2023\/03\/carnegie-hall-1996-programm-648x497.jpg 648w, https:\/\/lucio.golino.eu\/wp-content\/uploads\/2023\/03\/carnegie-hall-1996-programm-250x192.jpg 250w\" sizes=\"auto, (max-width: 1024px) 100vw, 1024px\" \/><figcaption class=\"wp-element-caption\">Programm Carnegie Hall 1996<\/figcaption><\/figure>\n<\/div>\n\n\n<h2 class=\"wp-block-heading\">1995<\/h2>\n\n\n\n<ul class=\"wp-block-list\">\n<li>Nieder\u00f6sterreichisches Tonk\u00fcnstlerorchester: Respighi, Fontane di Roma<\/li>\n<\/ul>\n\n\n<div class=\"wp-block-image\">\n<figure class=\"aligncenter size-large is-resized\"><img loading=\"lazy\" decoding=\"async\" src=\"http:\/\/lucio.golino.eu\/wp-content\/uploads\/2021\/04\/abschlusskonzert-1995-769x1024.jpg\" alt=\"\" class=\"wp-image-285\" width=\"460\" height=\"613\" srcset=\"https:\/\/lucio.golino.eu\/wp-content\/uploads\/2021\/04\/abschlusskonzert-1995-769x1024.jpg 769w, https:\/\/lucio.golino.eu\/wp-content\/uploads\/2021\/04\/abschlusskonzert-1995-225x300.jpg 225w, https:\/\/lucio.golino.eu\/wp-content\/uploads\/2021\/04\/abschlusskonzert-1995-768x1023.jpg 768w, https:\/\/lucio.golino.eu\/wp-content\/uploads\/2021\/04\/abschlusskonzert-1995-1153x1536.jpg 1153w, https:\/\/lucio.golino.eu\/wp-content\/uploads\/2021\/04\/abschlusskonzert-1995-9x12.jpg 9w, https:\/\/lucio.golino.eu\/wp-content\/uploads\/2021\/04\/abschlusskonzert-1995-648x863.jpg 648w, https:\/\/lucio.golino.eu\/wp-content\/uploads\/2021\/04\/abschlusskonzert-1995-144x192.jpg 144w, https:\/\/lucio.golino.eu\/wp-content\/uploads\/2021\/04\/abschlusskonzert-1995.jpg 1251w\" sizes=\"auto, (max-width: 460px) 100vw, 460px\" \/><\/figure>\n<\/div>\n\n\n<h2 class=\"wp-block-heading\">1994<\/h2>\n\n\n\n<ul class=\"wp-block-list\">\n<li>&#8222;Pro-Arte-Orchester und -Chor-Wien&#8220;: Faur\u00e9, Requiem<\/li>\n<\/ul>\n\n\n\n<h2 class=\"wp-block-heading\">1993<\/h2>\n\n\n\n<ul class=\"wp-block-list\">\n<li>&#8222;Pro-Arte-Orchester und -Chor-Wien&#8220;: Bruckner, Requiem in d-Moll<\/li>\n<\/ul>\n\n\n\n<h2 class=\"wp-block-heading\">1992<\/h2>\n\n\n\n<ul class=\"wp-block-list\">\n<li>&#8222;Pro-Arte-Orchester und -Chor-Wien&#8220;: Hindemith, &#8222;Flieder-Requiem&#8220;<\/li>\n<\/ul>\n\n\n\n<h2 class=\"wp-block-heading\">1991 \/ 1992<\/h2>\n\n\n\n<ul class=\"wp-block-list\">\n<li>Ensemble &#8222;Camerata-Musica-Wien&#8220;<\/li>\n<\/ul>\n\n\n<div class=\"wp-block-image\">\n<figure class=\"aligncenter size-large\"><img loading=\"lazy\" decoding=\"async\" width=\"1024\" height=\"745\" src=\"http:\/\/lucio.golino.eu\/wp-content\/uploads\/2021\/04\/camerata-musica-1991-1-1024x745.jpg\" alt=\"\" class=\"wp-image-283\" srcset=\"https:\/\/lucio.golino.eu\/wp-content\/uploads\/2021\/04\/camerata-musica-1991-1-1024x745.jpg 1024w, https:\/\/lucio.golino.eu\/wp-content\/uploads\/2021\/04\/camerata-musica-1991-1-300x218.jpg 300w, https:\/\/lucio.golino.eu\/wp-content\/uploads\/2021\/04\/camerata-musica-1991-1-768x558.jpg 768w, https:\/\/lucio.golino.eu\/wp-content\/uploads\/2021\/04\/camerata-musica-1991-1-1536x1117.jpg 1536w, https:\/\/lucio.golino.eu\/wp-content\/uploads\/2021\/04\/camerata-musica-1991-1-2048x1489.jpg 2048w, https:\/\/lucio.golino.eu\/wp-content\/uploads\/2021\/04\/camerata-musica-1991-1-18x12.jpg 18w, https:\/\/lucio.golino.eu\/wp-content\/uploads\/2021\/04\/camerata-musica-1991-1-330x240.jpg 330w, https:\/\/lucio.golino.eu\/wp-content\/uploads\/2021\/04\/camerata-musica-1991-1-648x471.jpg 648w, https:\/\/lucio.golino.eu\/wp-content\/uploads\/2021\/04\/camerata-musica-1991-1-264x192.jpg 264w\" sizes=\"auto, (max-width: 1024px) 100vw, 1024px\" \/><\/figure>\n<\/div>\n\n\n<p class=\"wp-block-paragraph\"><\/p>","protected":false},"excerpt":{"rendered":"<p>In questa pagina si trova un elenco dei prossimi concerti e una panoramica del passato.<\/p>","protected":false},"author":1,"featured_media":516,"parent":0,"menu_order":0,"comment_status":"closed","ping_status":"closed","template":"page-templates\/full-width-page.php","meta":{"footnotes":""},"class_list":["post-118","page","type-page","status-publish","has-post-thumbnail","hentry"],"jetpack_sharing_enabled":false,"_links":{"self":[{"href":"https:\/\/lucio.golino.eu\/it\/wp-json\/wp\/v2\/pages\/118","targetHints":{"allow":["GET"]}}],"collection":[{"href":"https:\/\/lucio.golino.eu\/it\/wp-json\/wp\/v2\/pages"}],"about":[{"href":"https:\/\/lucio.golino.eu\/it\/wp-json\/wp\/v2\/types\/page"}],"author":[{"embeddable":true,"href":"https:\/\/lucio.golino.eu\/it\/wp-json\/wp\/v2\/users\/1"}],"replies":[{"embeddable":true,"href":"https:\/\/lucio.golino.eu\/it\/wp-json\/wp\/v2\/comments?post=118"}],"version-history":[{"count":20,"href":"https:\/\/lucio.golino.eu\/it\/wp-json\/wp\/v2\/pages\/118\/revisions"}],"predecessor-version":[{"id":565,"href":"https:\/\/lucio.golino.eu\/it\/wp-json\/wp\/v2\/pages\/118\/revisions\/565"}],"wp:featuredmedia":[{"embeddable":true,"href":"https:\/\/lucio.golino.eu\/it\/wp-json\/wp\/v2\/media\/516"}],"wp:attachment":[{"href":"https:\/\/lucio.golino.eu\/it\/wp-json\/wp\/v2\/media?parent=118"}],"curies":[{"name":"wp","href":"https:\/\/api.w.org\/{rel}","templated":true}]}}